{"id":2616,"date":"2019-09-14T04:04:40","date_gmt":"2019-09-14T04:04:40","guid":{"rendered":"https:\/\/childrensrightsup.eu\/?page_id=2616"},"modified":"2023-01-14T17:14:57","modified_gmt":"2023-01-14T17:14:57","slug":"quienes-somos","status":"publish","type":"page","link":"https:\/\/childrensrightsup.eu\/es\/quienes-somos\/","title":{"rendered":"Quienes somos"},"content":{"rendered":"\t\t<div data-elementor-type=\"wp-page\" data-elementor-id=\"2616\" class=\"elementor elementor-2616 elementor-274\">\n\t\t\t\t\t\t<section class=\"elementor-section elementor-top-section elementor-element elementor-element-ec93c60 elementor-section-boxed elementor-section-height-default elementor-section-height-default\" data-id=\"ec93c60\" data-element_type=\"section\">\n\t\t\t\t\t\t<div class=\"elementor-container elementor-column-gap-default\">\n\t\t\t\t\t<div class=\"elementor-column elementor-col-100 elementor-top-column elementor-element elementor-element-ec1bba4\" data-id=\"ec1bba4\" data-element_type=\"column\">\n\t\t\t<div class=\"elementor-widget-wrap elementor-element-populated\">\n\t\t\t\t\t\t<div class=\"elementor-element elementor-element-05a2d69 elementor-widget elementor-widget-text-editor\" data-id=\"05a2d69\" data-element_type=\"widget\" data-widget_type=\"text-editor.default\">\n\t\t\t\t<div class=\"elementor-widget-container\">\n\t\t\t\t\t\t\tEste proyecto ha sido creado a partir de la colaboraci\u00f3n de cinco organizaciones distintas de toda Europa. Hemos trabajado conjuntamente en cada fase y material del proyecto, aportando y a\u00f1adiendo distintos puntos de vista, perspectivas y conocimientos.\t\t\t\t\t\t<\/div>\n\t\t\t\t<\/div>\n\t\t\t\t\t<\/div>\n\t\t<\/div>\n\t\t\t\t\t<\/div>\n\t\t<\/section>\n\t\t\t\t<section class=\"elementor-section elementor-top-section elementor-element elementor-element-550607c elementor-section-stretched elementor-section-full_width elementor-section-height-default elementor-section-height-default\" data-id=\"550607c\" data-element_type=\"section\" data-settings=\"{&quot;stretch_section&quot;:&quot;section-stretched&quot;}\">\n\t\t\t\t\t\t<div class=\"elementor-container elementor-column-gap-default\">\n\t\t\t\t\t<div class=\"elementor-column elementor-col-100 elementor-top-column elementor-element elementor-element-90ea1f4 no-resources\" data-id=\"90ea1f4\" data-element_type=\"column\">\n\t\t\t<div class=\"elementor-widget-wrap elementor-element-populated\">\n\t\t\t\t\t\t<div class=\"elementor-element elementor-element-3b95097 elementor-widget elementor-widget-parent_info\" data-id=\"3b95097\" data-element_type=\"widget\" data-widget_type=\"parent_info.default\">\n\t\t\t\t<div class=\"elementor-widget-container\">\n\t\t\t        <!-- Begin Parent Info -->\r\n        <section class=\"parent-info-section pt-xs-30 pt-md-60 pb-xs-50 pb-md-70 pb-lg-120\">\r\n            <div class=\"container\">\r\n                <div class=\"row\">\r\n                    <div class=\"col-12\">\r\n                        <div class=\"section-header mb-xs-30 mb-md-31\">\r\n                            <p class=\"h-sub\">\r\n                                                            <\/p>\r\n                            <h2>\r\n                                                            <\/h2>\r\n                            <p>\r\n                                                            <\/p>\r\n                        <\/div>\r\n                        <ul class=\"parent-info-list\">\r\n                                                                <li>\r\n                                        <div class=\"parent-info-item\">\r\n                                            <div class=\"parent-info-image\">\r\n                                                <img decoding=\"async\" src=\"https:\/\/childrensrightsup.eu\/wp-content\/themes\/childit\/assets\/img\/lazy.png\" class=\"lazy\" data-src=\"https:\/\/childrensrightsup.eu\/wp-content\/uploads\/2022\/05\/FVB_logo.png\" alt=\"img\">\r\n                                            <\/div>\r\n                                            <div class=\"parent-info-text\">\r\n                                                <div class=\"parent-title\"><span class=\"parent-title__ico\">\r\n                                                        <img decoding=\"async\" src=\"https:\/\/childrensrightsup.eu\/wp-content\/themes\/childit\/assets\/img\/lazy.png\" class=\"lazy\" data-src=\"https:\/\/childrensrightsup.eu\/wp-content\/themes\/childit\/assets\/img\/check.svg\" alt=\"img\"><\/span> <h5><A HREF=\"https:\/\/www.fbernadet.org\/\" target=\"_blank\">La Fundaci\u00f3n Vicki Bernadet<\/A><\/h5><\/div>\r\n                                                <p>La Fundaci\u00f3n Vicki Bernadet (FVB) es una organizaci\u00f3n espa\u00f1ola de reconocido prestigio y referente nacional en la prevenci\u00f3n y lucha contra el abuso sexual infantil. Es una organizaci\u00f3n altamente especializada en el abuso sexual infantil con m\u00e1s de 20 a\u00f1os de experiencia laboral.<\/p>\r\n                                            <\/div>\r\n                                        <\/div>\r\n                                    <\/li>\r\n                                                                        <li>\r\n                                        <div class=\"parent-info-item\">\r\n                                            <div class=\"parent-info-image\">\r\n                                                <img decoding=\"async\" src=\"https:\/\/childrensrightsup.eu\/wp-content\/themes\/childit\/assets\/img\/lazy.png\" class=\"lazy\" data-src=\"https:\/\/childrensrightsup.eu\/wp-content\/uploads\/2022\/05\/EFS_logo.png\" alt=\"img\">\r\n                                            <\/div>\r\n                                            <div class=\"parent-info-text\">\r\n                                                <div class=\"parent-title\"><span class=\"parent-title__ico\">\r\n                                                        <img decoding=\"async\" src=\"https:\/\/childrensrightsup.eu\/wp-content\/themes\/childit\/assets\/img\/lazy.png\" class=\"lazy\" data-src=\"https:\/\/childrensrightsup.eu\/wp-content\/themes\/childit\/assets\/img\/check.svg\" alt=\"img\"><\/span> <h5><A HREF=\"http:\/\/www.europeansexology.com\" target=\"_blank\">La Federaci\u00f3n Europea de Sexolog\u00eda<\/A> <\/h5><\/div>\r\n                                                <p>La Federaci\u00f3n Europea de Sexolog\u00eda (EFS) es una federaci\u00f3n europea con el objetivo de difundir e investigar sobre la sexualidad y la educaci\u00f3n sexual. La federaci\u00f3n tiene experiencia en programas educativos a nivel europeo y los desarrolla teniendo en cuenta los valores del sindicato en materia de sexualidad.<\/p>\r\n                                            <\/div>\r\n                                        <\/div>\r\n                                    <\/li>\r\n                                                                        <li>\r\n                                        <div class=\"parent-info-item\">\r\n                                            <div class=\"parent-info-image\">\r\n                                                <img decoding=\"async\" src=\"https:\/\/childrensrightsup.eu\/wp-content\/themes\/childit\/assets\/img\/lazy.png\" class=\"lazy\" data-src=\"https:\/\/childrensrightsup.eu\/wp-content\/uploads\/2022\/05\/EPA_logo.jpg\" alt=\"img\">\r\n                                            <\/div>\r\n                                            <div class=\"parent-info-text\">\r\n                                                <div class=\"parent-title\"><span class=\"parent-title__ico\">\r\n                                                        <img decoding=\"async\" src=\"https:\/\/childrensrightsup.eu\/wp-content\/themes\/childit\/assets\/img\/lazy.png\" class=\"lazy\" data-src=\"https:\/\/childrensrightsup.eu\/wp-content\/themes\/childit\/assets\/img\/check.svg\" alt=\"img\"><\/span> <h5><A HREF=\"https:\/\/europarents.eu\" target=\"_blank\">La Asociaci\u00f3n Europea de Padres<\/A> <\/h5><\/div>\r\n                                                <p>La Asociaci\u00f3n Europea de Padres (EPA), es una federaci\u00f3n europea con sede en Bruselas que agrupa a las asociaciones de padres de Europa, que en conjunto representan a m\u00e1s de 150 millones de padres y madres. Incluir la visi\u00f3n de las familias (en toda su diversidad) en cada proyecto en el que trabajan.<\/p>\r\n                                            <\/div>\r\n                                        <\/div>\r\n                                    <\/li>\r\n                                                                        <li>\r\n                                        <div class=\"parent-info-item\">\r\n                                            <div class=\"parent-info-image\">\r\n                                                <img decoding=\"async\" src=\"https:\/\/childrensrightsup.eu\/wp-content\/themes\/childit\/assets\/img\/lazy.png\" class=\"lazy\" data-src=\"https:\/\/childrensrightsup.eu\/wp-content\/uploads\/2022\/05\/CCE_logo.jpeg\" alt=\"img\">\r\n                                            <\/div>\r\n                                            <div class=\"parent-info-text\">\r\n                                                <div class=\"parent-title\"><span class=\"parent-title__ico\">\r\n                                                        <img decoding=\"async\" src=\"https:\/\/childrensrightsup.eu\/wp-content\/themes\/childit\/assets\/img\/lazy.png\" class=\"lazy\" data-src=\"https:\/\/childrensrightsup.eu\/wp-content\/themes\/childit\/assets\/img\/check.svg\" alt=\"img\"><\/span> <h5><A HREF=\"https:\/\/www.ccefinland.org\/\" target=\"_blank\">El Council for Creative Education<\/A><\/h5><\/div>\r\n                                                <p>El Council for Creative Education (CCE) es una organizaci\u00f3n finlandesa especializada en el sector educativo. Ofrece formaci\u00f3n online sobre educaci\u00f3n infantil a partir de las nuevas competencias del siglo XXI y desde una perspectiva de respeto y acompa\u00f1amiento a las necesidades de los ni\u00f1os y ni\u00f1as.<\/p>\r\n                                            <\/div>\r\n                                        <\/div>\r\n                                    <\/li>\r\n                                                                        <li>\r\n                                        <div class=\"parent-info-item\">\r\n                                            <div class=\"parent-info-image\">\r\n                                                <img decoding=\"async\" src=\"https:\/\/childrensrightsup.eu\/wp-content\/themes\/childit\/assets\/img\/lazy.png\" class=\"lazy\" data-src=\"https:\/\/childrensrightsup.eu\/wp-content\/uploads\/2022\/05\/NAONO_logo.png\" alt=\"img\">\r\n                                            <\/div>\r\n                                            <div class=\"parent-info-text\">\r\n                                                <div class=\"parent-title\"><span class=\"parent-title__ico\">\r\n                                                        <img decoding=\"async\" src=\"https:\/\/childrensrightsup.eu\/wp-content\/themes\/childit\/assets\/img\/lazy.png\" class=\"lazy\" data-src=\"https:\/\/childrensrightsup.eu\/wp-content\/themes\/childit\/assets\/img\/check.svg\" alt=\"img\"><\/span> <h5><A HREF=\"https:\/\/naono.es\" target=\"_blank\">Naono<\/A><\/h5><\/div>\r\n                                                <p>Naono es una organizaci\u00f3n espa\u00f1ola que cuenta con 20 a\u00f1os de experiencia en el sector editorial, es una experta en dise\u00f1o y conceptualizaci\u00f3n de productos y publicaciones educativas. Tienen mucha experiencia trabajando en proyectos con objetivos sociales.<\/p>\r\n                                            <\/div>\r\n                                        <\/div>\r\n                                    <\/li>\r\n                                                            <\/ul>\r\n                        <div class=\"parent-resources-wrap pt-50\">\r\n                            <div class=\"section-header mb-xs-30 mb-md-31\">\r\n                                <h3>\r\n                                                                    <\/h3>\r\n                                <p>\r\n                                                                    <\/p>\r\n                            <\/div>\r\n                            <ul class=\"resources-list\">\r\n                                                                        <li>\r\n                                            <div class=\"resources-block\">\r\n                                                <div class=\"resources-img\">\r\n                                                    <img decoding=\"async\" src=\"https:\/\/childrensrightsup.eu\/wp-content\/themes\/childit\/assets\/img\/lazy.png\" class=\"lazy resource-ico\" data-src=\"\" alt=\"img\">\r\n                                                    <img decoding=\"async\" src=\"https:\/\/childrensrightsup.eu\/wp-content\/themes\/childit\/assets\/img\/lazy.png\" class=\"lazy cloud\" data-src=\"https:\/\/childrensrightsup.eu\/wp-content\/themes\/childit\/assets\/img\/cloud-small.svg\" alt=\"img\">\r\n                                                <\/div>\r\n                                                <div class=\"resources-text\">\r\n                                                    <p><\/p>\r\n                                                    <a href=\"#\"><img decoding=\"async\" src=\"https:\/\/childrensrightsup.eu\/wp-content\/themes\/childit\/assets\/img\/lazy.png\" class=\"lazy\" data-src=\"https:\/\/childrensrightsup.eu\/wp-content\/themes\/childit\/assets\/img\/pdf-ico.svg\" alt=\"img\">download<\/a>\r\n                                                <\/div>\r\n                                            <\/div>\r\n                                        <\/li>\r\n                                                                    <\/ul>\r\n                        <\/div>\r\n                    <\/div>\r\n                <\/div>\r\n            <\/div>\r\n        <\/section>\r\n        <!-- End Parent Info -->\r\n        \t\t<\/div>\n\t\t\t\t<\/div>\n\t\t\t\t\t<\/div>\n\t\t<\/div>\n\t\t\t\t\t<\/div>\n\t\t<\/section>\n\t\t\t\t<\/div>\n\t\t","protected":false},"excerpt":{"rendered":"<p>Este proyecto ha sido creado a partir de la colaboraci\u00f3n de cinco organizaciones distintas de toda Europa. Hemos trabajado conjuntamente en cada fase y material del proyecto, aportando y a\u00f1adiendo distintos puntos de vista, perspectivas y conocimientos. La Fundaci\u00f3n Vicki Bernadet La Fundaci\u00f3n Vicki Bernadet (FVB) es una organizaci\u00f3n espa\u00f1ola de reconocido prestigio y referente [&hellip;]<\/p>\n","protected":false},"author":1,"featured_media":0,"parent":0,"menu_order":0,"comment_status":"closed","ping_status":"closed","template":"","meta":{"inline_featured_image":false,"footnotes":""},"class_list":["post-2616","page","type-page","status-publish","hentry"],"_links":{"self":[{"href":"https:\/\/childrensrightsup.eu\/es\/wp-json\/wp\/v2\/pages\/2616","targetHints":{"allow":["GET"]}}],"collection":[{"href":"https:\/\/childrensrightsup.eu\/es\/wp-json\/wp\/v2\/pages"}],"about":[{"href":"https:\/\/childrensrightsup.eu\/es\/wp-json\/wp\/v2\/types\/page"}],"author":[{"embeddable":true,"href":"https:\/\/childrensrightsup.eu\/es\/wp-json\/wp\/v2\/users\/1"}],"replies":[{"embeddable":true,"href":"https:\/\/childrensrightsup.eu\/es\/wp-json\/wp\/v2\/comments?post=2616"}],"version-history":[{"count":5,"href":"https:\/\/childrensrightsup.eu\/es\/wp-json\/wp\/v2\/pages\/2616\/revisions"}],"predecessor-version":[{"id":2621,"href":"https:\/\/childrensrightsup.eu\/es\/wp-json\/wp\/v2\/pages\/2616\/revisions\/2621"}],"wp:attachment":[{"href":"https:\/\/childrensrightsup.eu\/es\/wp-json\/wp\/v2\/media?parent=2616"}],"curies":[{"name":"wp","href":"https:\/\/api.w.org\/{rel}","templated":true}]}}