{"id":2518,"date":"2019-09-14T04:04:40","date_gmt":"2019-09-14T04:04:40","guid":{"rendered":"https:\/\/childrensrightsup.eu\/?page_id=2518"},"modified":"2023-01-26T16:09:33","modified_gmt":"2023-01-26T16:09:33","slug":"qui-som","status":"publish","type":"page","link":"https:\/\/childrensrightsup.eu\/ca\/qui-som\/","title":{"rendered":"Qui som"},"content":{"rendered":"\t\t<div data-elementor-type=\"wp-page\" data-elementor-id=\"2518\" class=\"elementor elementor-2518 elementor-274\">\n\t\t\t\t\t\t<section class=\"elementor-section elementor-top-section elementor-element elementor-element-ec93c60 elementor-section-boxed elementor-section-height-default elementor-section-height-default\" data-id=\"ec93c60\" data-element_type=\"section\">\n\t\t\t\t\t\t<div class=\"elementor-container elementor-column-gap-default\">\n\t\t\t\t\t<div class=\"elementor-column elementor-col-100 elementor-top-column elementor-element elementor-element-ec1bba4\" data-id=\"ec1bba4\" data-element_type=\"column\">\n\t\t\t<div class=\"elementor-widget-wrap elementor-element-populated\">\n\t\t\t\t\t\t<div class=\"elementor-element elementor-element-05a2d69 elementor-widget elementor-widget-text-editor\" data-id=\"05a2d69\" data-element_type=\"widget\" data-widget_type=\"text-editor.default\">\n\t\t\t\t<div class=\"elementor-widget-container\">\n\t\t\t\t\t\t\t<p>Aquest projecte ha estat creat a partir de la col\u00b7laboraci\u00f3 de cinc organitzacions de diferents pa\u00efsos europeus. Hem treballat conjuntament en cada fase i material del projecte, aportant i afegint diferents punts de vista, perspectives i coneixements.<\/p>\t\t\t\t\t\t<\/div>\n\t\t\t\t<\/div>\n\t\t\t\t\t<\/div>\n\t\t<\/div>\n\t\t\t\t\t<\/div>\n\t\t<\/section>\n\t\t\t\t<section class=\"elementor-section elementor-top-section elementor-element elementor-element-550607c elementor-section-stretched elementor-section-full_width elementor-section-height-default elementor-section-height-default\" data-id=\"550607c\" data-element_type=\"section\" data-settings=\"{&quot;stretch_section&quot;:&quot;section-stretched&quot;}\">\n\t\t\t\t\t\t<div class=\"elementor-container elementor-column-gap-default\">\n\t\t\t\t\t<div class=\"elementor-column elementor-col-100 elementor-top-column elementor-element elementor-element-90ea1f4 no-resources\" data-id=\"90ea1f4\" data-element_type=\"column\">\n\t\t\t<div class=\"elementor-widget-wrap elementor-element-populated\">\n\t\t\t\t\t\t<div class=\"elementor-element elementor-element-3b95097 elementor-widget elementor-widget-parent_info\" data-id=\"3b95097\" data-element_type=\"widget\" data-widget_type=\"parent_info.default\">\n\t\t\t\t<div class=\"elementor-widget-container\">\n\t\t\t        <!-- Begin Parent Info -->\r\n        <section class=\"parent-info-section pt-xs-30 pt-md-60 pb-xs-50 pb-md-70 pb-lg-120\">\r\n            <div class=\"container\">\r\n                <div class=\"row\">\r\n                    <div class=\"col-12\">\r\n                        <div class=\"section-header mb-xs-30 mb-md-31\">\r\n                            <p class=\"h-sub\">\r\n                                                            <\/p>\r\n                            <h2>\r\n                                                            <\/h2>\r\n                            <p>\r\n                                                            <\/p>\r\n                        <\/div>\r\n                        <ul class=\"parent-info-list\">\r\n                                                                <li>\r\n                                        <div class=\"parent-info-item\">\r\n                                            <div class=\"parent-info-image\">\r\n                                                <img decoding=\"async\" src=\"https:\/\/childrensrightsup.eu\/wp-content\/themes\/childit\/assets\/img\/lazy.png\" class=\"lazy\" data-src=\"https:\/\/childrensrightsup.eu\/wp-content\/uploads\/2022\/05\/FVB_logo.png\" alt=\"img\">\r\n                                            <\/div>\r\n                                            <div class=\"parent-info-text\">\r\n                                                <div class=\"parent-title\"><span class=\"parent-title__ico\">\r\n                                                        <img decoding=\"async\" src=\"https:\/\/childrensrightsup.eu\/wp-content\/themes\/childit\/assets\/img\/lazy.png\" class=\"lazy\" data-src=\"https:\/\/childrensrightsup.eu\/wp-content\/themes\/childit\/assets\/img\/check.svg\" alt=\"img\"><\/span> <h5><A HREF=\"https:\/\/www.fbernadet.org\/\" target=\"_blank\">La Fundaci\u00f3 Vicki Bernadet<\/A><\/h5><\/div>\r\n                                                <p>La Fundaci\u00f3 Vicki Bernadet (FVB) \u00e9s una organitzaci\u00f3 espanyola de reconegut prestigi i referent nacional en la prevenci\u00f3 i la lluita contra l'ab\u00fas sexual infantil. \u00c9s una organitzaci\u00f3 altament especialitzada en ab\u00fas sexual infantil amb m\u00e9s de 20 anys d'experi\u00e8ncia laboral. <\/p>\r\n                                            <\/div>\r\n                                        <\/div>\r\n                                    <\/li>\r\n                                                                        <li>\r\n                                        <div class=\"parent-info-item\">\r\n                                            <div class=\"parent-info-image\">\r\n                                                <img decoding=\"async\" src=\"https:\/\/childrensrightsup.eu\/wp-content\/themes\/childit\/assets\/img\/lazy.png\" class=\"lazy\" data-src=\"https:\/\/childrensrightsup.eu\/wp-content\/uploads\/2022\/05\/EFS_logo.png\" alt=\"img\">\r\n                                            <\/div>\r\n                                            <div class=\"parent-info-text\">\r\n                                                <div class=\"parent-title\"><span class=\"parent-title__ico\">\r\n                                                        <img decoding=\"async\" src=\"https:\/\/childrensrightsup.eu\/wp-content\/themes\/childit\/assets\/img\/lazy.png\" class=\"lazy\" data-src=\"https:\/\/childrensrightsup.eu\/wp-content\/themes\/childit\/assets\/img\/check.svg\" alt=\"img\"><\/span> <h5><A HREF=\"http:\/\/www.europeansexology.com\" target=\"_blank\">La Federaci\u00f3 Europea de Sexologia<\/A> <\/h5><\/div>\r\n                                                <p>La Federaci\u00f3 Europea de Sexologia (EFS) \u00e9s una federaci\u00f3 europea amb l'objectiu de difondre i investigar sobre la sexualitat i l'educaci\u00f3 sexual. La federaci\u00f3 t\u00e9 experi\u00e8ncia en programes educatius en l'\u00e0mbit europeu i els desenvolupa tenint en compte els valors del sindicat en mat\u00e8ria de sexualitat.<\/p>\r\n                                            <\/div>\r\n                                        <\/div>\r\n                                    <\/li>\r\n                                                                        <li>\r\n                                        <div class=\"parent-info-item\">\r\n                                            <div class=\"parent-info-image\">\r\n                                                <img decoding=\"async\" src=\"https:\/\/childrensrightsup.eu\/wp-content\/themes\/childit\/assets\/img\/lazy.png\" class=\"lazy\" data-src=\"https:\/\/childrensrightsup.eu\/wp-content\/uploads\/2022\/05\/EPA_logo.jpg\" alt=\"img\">\r\n                                            <\/div>\r\n                                            <div class=\"parent-info-text\">\r\n                                                <div class=\"parent-title\"><span class=\"parent-title__ico\">\r\n                                                        <img decoding=\"async\" src=\"https:\/\/childrensrightsup.eu\/wp-content\/themes\/childit\/assets\/img\/lazy.png\" class=\"lazy\" data-src=\"https:\/\/childrensrightsup.eu\/wp-content\/themes\/childit\/assets\/img\/check.svg\" alt=\"img\"><\/span> <h5><A HREF=\"https:\/\/europarents.eu\" target=\"_blank\">L'Associaci\u00f3 Europea de Pares <\/A> <\/h5><\/div>\r\n                                                <p>L'Associaci\u00f3 Europea de Pares (EPA) \u00e9s una federaci\u00f3 europea amb seu a Brussel\u2022les que agrupa les associacions de pares d'Europa, que en conjunt representen m\u00e9s de 150 milions de pares i mares. Incloure la visi\u00f3 de les fam\u00edlies (en tota la seva diversitat) en cada projecte en qu\u00e8 treballen.<\/p>\r\n                                            <\/div>\r\n                                        <\/div>\r\n                                    <\/li>\r\n                                                                        <li>\r\n                                        <div class=\"parent-info-item\">\r\n                                            <div class=\"parent-info-image\">\r\n                                                <img decoding=\"async\" src=\"https:\/\/childrensrightsup.eu\/wp-content\/themes\/childit\/assets\/img\/lazy.png\" class=\"lazy\" data-src=\"https:\/\/childrensrightsup.eu\/wp-content\/uploads\/2022\/05\/CCE_logo.jpeg\" alt=\"img\">\r\n                                            <\/div>\r\n                                            <div class=\"parent-info-text\">\r\n                                                <div class=\"parent-title\"><span class=\"parent-title__ico\">\r\n                                                        <img decoding=\"async\" src=\"https:\/\/childrensrightsup.eu\/wp-content\/themes\/childit\/assets\/img\/lazy.png\" class=\"lazy\" data-src=\"https:\/\/childrensrightsup.eu\/wp-content\/themes\/childit\/assets\/img\/check.svg\" alt=\"img\"><\/span> <h5><A HREF=\"https:\/\/www.ccefinland.org\/\" target=\"_blank\">El Council for Creative Education<\/A><\/h5><\/div>\r\n                                                <p>El Council for Creative Education (CCE) \u00e9s una organitzaci\u00f3 finlandesa especialitzada en el sector educatiu. Ofereix formaci\u00f3 en l\u00ednia sobre educaci\u00f3 infantil a partir de les noves compet\u00e8ncies del segle XXI i des d'una perspectiva de respecte i acompanyament a les necessitats dels infants.<\/p>\r\n                                            <\/div>\r\n                                        <\/div>\r\n                                    <\/li>\r\n                                                                        <li>\r\n                                        <div class=\"parent-info-item\">\r\n                                            <div class=\"parent-info-image\">\r\n                                                <img decoding=\"async\" src=\"https:\/\/childrensrightsup.eu\/wp-content\/themes\/childit\/assets\/img\/lazy.png\" class=\"lazy\" data-src=\"https:\/\/childrensrightsup.eu\/wp-content\/uploads\/2022\/05\/NAONO_logo.png\" alt=\"img\">\r\n                                            <\/div>\r\n                                            <div class=\"parent-info-text\">\r\n                                                <div class=\"parent-title\"><span class=\"parent-title__ico\">\r\n                                                        <img decoding=\"async\" src=\"https:\/\/childrensrightsup.eu\/wp-content\/themes\/childit\/assets\/img\/lazy.png\" class=\"lazy\" data-src=\"https:\/\/childrensrightsup.eu\/wp-content\/themes\/childit\/assets\/img\/check.svg\" alt=\"img\"><\/span> <h5><A HREF=\"https:\/\/naono.es\" target=\"_blank\">Naono<\/A><\/h5><\/div>\r\n                                                <p>Naono \u00e9s una empresa espanyola amb m\u00e9s de 20 anys d'experi\u00e8ncia en el sector editorial. \u00c9s especialista en disseny, edici\u00f3 i conceptualitzaci\u00f3 de materials educatius. Tenen molta experi\u00e8ncia treballant en projectes amb objectius socials.<\/p>\r\n                                            <\/div>\r\n                                        <\/div>\r\n                                    <\/li>\r\n                                                            <\/ul>\r\n                        <div class=\"parent-resources-wrap pt-50\">\r\n                            <div class=\"section-header mb-xs-30 mb-md-31\">\r\n                                <h3>\r\n                                                                    <\/h3>\r\n                                <p>\r\n                                                                    <\/p>\r\n                            <\/div>\r\n                            <ul class=\"resources-list\">\r\n                                                                        <li>\r\n                                            <div class=\"resources-block\">\r\n                                                <div class=\"resources-img\">\r\n                                                    <img decoding=\"async\" src=\"https:\/\/childrensrightsup.eu\/wp-content\/themes\/childit\/assets\/img\/lazy.png\" class=\"lazy resource-ico\" data-src=\"\" alt=\"img\">\r\n                                                    <img decoding=\"async\" src=\"https:\/\/childrensrightsup.eu\/wp-content\/themes\/childit\/assets\/img\/lazy.png\" class=\"lazy cloud\" data-src=\"https:\/\/childrensrightsup.eu\/wp-content\/themes\/childit\/assets\/img\/cloud-small.svg\" alt=\"img\">\r\n                                                <\/div>\r\n                                                <div class=\"resources-text\">\r\n                                                    <p><\/p>\r\n                                                    <a href=\"#\"><img decoding=\"async\" src=\"https:\/\/childrensrightsup.eu\/wp-content\/themes\/childit\/assets\/img\/lazy.png\" class=\"lazy\" data-src=\"https:\/\/childrensrightsup.eu\/wp-content\/themes\/childit\/assets\/img\/pdf-ico.svg\" alt=\"img\">download<\/a>\r\n                                                <\/div>\r\n                                            <\/div>\r\n                                        <\/li>\r\n                                                                    <\/ul>\r\n                        <\/div>\r\n                    <\/div>\r\n                <\/div>\r\n            <\/div>\r\n        <\/section>\r\n        <!-- End Parent Info -->\r\n        \t\t<\/div>\n\t\t\t\t<\/div>\n\t\t\t\t\t<\/div>\n\t\t<\/div>\n\t\t\t\t\t<\/div>\n\t\t<\/section>\n\t\t\t\t<\/div>\n\t\t","protected":false},"excerpt":{"rendered":"<p>Aquest projecte ha estat creat a partir de la col\u00b7laboraci\u00f3 de cinc organitzacions de diferents pa\u00efsos europeus. Hem treballat conjuntament en cada fase i material del projecte, aportant i afegint diferents punts de vista, perspectives i coneixements. La Fundaci\u00f3 Vicki Bernadet La Fundaci\u00f3 Vicki Bernadet (FVB) \u00e9s una organitzaci\u00f3 espanyola de reconegut prestigi i referent [&hellip;]<\/p>\n","protected":false},"author":1,"featured_media":0,"parent":0,"menu_order":0,"comment_status":"closed","ping_status":"closed","template":"","meta":{"inline_featured_image":false,"footnotes":""},"class_list":["post-2518","page","type-page","status-publish","hentry"],"_links":{"self":[{"href":"https:\/\/childrensrightsup.eu\/ca\/wp-json\/wp\/v2\/pages\/2518","targetHints":{"allow":["GET"]}}],"collection":[{"href":"https:\/\/childrensrightsup.eu\/ca\/wp-json\/wp\/v2\/pages"}],"about":[{"href":"https:\/\/childrensrightsup.eu\/ca\/wp-json\/wp\/v2\/types\/page"}],"author":[{"embeddable":true,"href":"https:\/\/childrensrightsup.eu\/ca\/wp-json\/wp\/v2\/users\/1"}],"replies":[{"embeddable":true,"href":"https:\/\/childrensrightsup.eu\/ca\/wp-json\/wp\/v2\/comments?post=2518"}],"version-history":[{"count":26,"href":"https:\/\/childrensrightsup.eu\/ca\/wp-json\/wp\/v2\/pages\/2518\/revisions"}],"predecessor-version":[{"id":3415,"href":"https:\/\/childrensrightsup.eu\/ca\/wp-json\/wp\/v2\/pages\/2518\/revisions\/3415"}],"wp:attachment":[{"href":"https:\/\/childrensrightsup.eu\/ca\/wp-json\/wp\/v2\/media?parent=2518"}],"curies":[{"name":"wp","href":"https:\/\/api.w.org\/{rel}","templated":true}]}}